{"id":408,"date":"2023-07-05T16:31:57","date_gmt":"2023-07-05T14:31:57","guid":{"rendered":"http:\/\/feldbahn-riedlhuette.de\/fwr\/?page_id=408"},"modified":"2023-09-04T11:14:01","modified_gmt":"2023-09-04T09:14:01","slug":"gmeinder-18-20-ps","status":"publish","type":"page","link":"https:\/\/feldbahn-riedlhuette.de\/fwr\/gmeinder-18-20-ps\/","title":{"rendered":"Gmeinder 18\/20 PS"},"content":{"rendered":"\n<p><strong>Lok Nr. 9 ist betriebsbereit.<\/strong><\/p>\n\n\n<style>.wp-block-kadence-advancedgallery .kb-gallery-type-masonry.kb-gallery-id-408_37f452-f8{margin:-5px;}.kb-gallery-type-masonry.kb-gallery-id-408_37f452-f8 .kadence-blocks-gallery-item{padding:5px;}.kb-gallery-id-408_37f452-f8 .kadence-blocks-gallery-item .kb-gal-image-radius, .kb-gallery-id-408_37f452-f8 .kb-slide-item .kb-gal-image-radius img{border-radius:0px 0px 0px 0px;;}<\/style><div class=\"kb-gallery-wrap-id-408_37f452-f8 alignnone wp-block-kadence-advancedgallery\"><ul class=\"kb-gallery-ul kb-gallery-non-static kb-gallery-type-masonry kb-masonry-init kb-gallery-id-408_37f452-f8 kb-gallery-caption-style-bottom-hover kb-gallery-filter-none kb-gallery-magnific-init\" data-image-filter=\"none\" data-item-selector=\".kadence-blocks-gallery-item\" data-lightbox-caption=\"false\" data-columns-xxl=\"1\" data-columns-xl=\"1\" data-columns-md=\"1\" data-columns-sm=\"1\" data-columns-xs=\"1\" data-columns-ss=\"1\"><li class=\"kadence-blocks-gallery-item\"><div class=\"kadence-blocks-gallery-item-inner\"><figure class=\"kb-gallery-figure kb-gallery-item-has-link kadence-blocks-gallery-item-hide-caption\"><a href=\"http:\/\/feldbahn-riedlhuette.de\/fwr\/wp-content\/uploads\/loks\/gmeinder20\/DSC06628.jpg\" class=\"kb-gallery-item-link\"   role=\"button\" aria-haspopup=\"dialog\"><div class=\"kb-gal-image-radius\" style=\"max-width:800px;\"><div class=\"kb-gallery-image-contain kadence-blocks-gallery-intrinsic\" style=\"padding-bottom:66%;\"><img loading=\"lazy\" decoding=\"async\" src=\"http:\/\/feldbahn-riedlhuette.de\/fwr\/wp-content\/uploads\/loks\/gmeinder20\/DSC06628-1024x680.jpg\" width=\"800\" height=\"531\" alt=\"\" data-full-image=\"http:\/\/feldbahn-riedlhuette.de\/fwr\/wp-content\/uploads\/loks\/gmeinder20\/DSC06628.jpg\" data-light-image=\"http:\/\/feldbahn-riedlhuette.de\/fwr\/wp-content\/uploads\/loks\/gmeinder20\/DSC06628.jpg\" data-id=\"521\" class=\"wp-image-521\" srcset=\"https:\/\/feldbahn-riedlhuette.de\/fwr\/wp-content\/uploads\/loks\/gmeinder20\/DSC06628-1024x680.jpg 1024w, https:\/\/feldbahn-riedlhuette.de\/fwr\/wp-content\/uploads\/loks\/gmeinder20\/DSC06628-300x199.jpg 300w, https:\/\/feldbahn-riedlhuette.de\/fwr\/wp-content\/uploads\/loks\/gmeinder20\/DSC06628-768x510.jpg 768w, https:\/\/feldbahn-riedlhuette.de\/fwr\/wp-content\/uploads\/loks\/gmeinder20\/DSC06628-1536x1021.jpg 1536w, https:\/\/feldbahn-riedlhuette.de\/fwr\/wp-content\/uploads\/loks\/gmeinder20\/DSC06628.jpg 2000w\" sizes=\"auto, (max-width: 800px) 100vw, 800px\" \/><\/div><\/div><\/a><\/figure><\/div><\/li><\/ul><\/div>\n\n\n<p><\/p>\n\n\n\n<p class=\"has-medium-font-size\"><strong>Technische Daten<\/strong><\/p>\n\n\n\n<table id=\"tablepress-9\" class=\"tablepress tablepress-id-9\">\n<tbody class=\"row-striping row-hover\">\n<tr class=\"row-1\">\n\t<td class=\"column-1\">Hersteller<\/td><td class=\"column-2\">Gmeinder<\/td>\n<\/tr>\n<tr class=\"row-2\">\n\t<td class=\"column-1\">Typ<\/td><td class=\"column-2\">18\/20 PS<\/td>\n<\/tr>\n<tr class=\"row-3\">\n\t<td class=\"column-1\">Fabrik-Nr.<\/td><td class=\"column-2\">4487<\/td>\n<\/tr>\n<tr class=\"row-4\">\n\t<td class=\"column-1\">Baujahr<\/td><td class=\"column-2\">1950<\/td>\n<\/tr>\n<tr class=\"row-5\">\n\t<td class=\"column-1\">Gewicht<\/td><td class=\"column-2\">4,5 Tonnen<\/td>\n<\/tr>\n<tr class=\"row-6\">\n\t<td class=\"column-1\">Fahrgeschwindigkeit<\/td><td class=\"column-2\">4 &#8211; 7 &#8211; 11 &#8211; 15 km\/h<br \/>\n(Lok hat nur 3 G\u00e4nge, eine der Geschwindigkeiten fehlerhaft. Wird demn\u00e4chst gepr\u00fcft)<\/td>\n<\/tr>\n<tr class=\"row-7\">\n\t<td class=\"column-1\">Leistung<\/td><td class=\"column-2\">22 \/ 24 PS<\/td>\n<\/tr>\n<tr class=\"row-8\">\n\t<td class=\"column-1\">Anlasser<\/td><td class=\"column-2\">Elektrisch, 12 V<\/td>\n<\/tr>\n<tr class=\"row-9\">\n\t<td class=\"column-1\">Elektrik<\/td><td class=\"column-2\">12 V =<\/td>\n<\/tr>\n<\/tbody>\n<\/table>\n<!-- #tablepress-9 from cache -->\n\n\n<p class=\"has-medium-font-size\"><strong>Geschichte<\/strong><\/p>\n\n\n\n<p>Als Sonderkonstruktion 1950 an das ehemalige Tonwerk Schrankl in Kienberg\/\u00d6d, geliefert.<\/p>\n\n\n\n<p>Seit Anfang der 1970 Jahre schlummerte die Lok zusammen mit ihrer fast baugleichen Schwesterlokomotive Gmeinder 4564 &#8211; Baujahr 1949 &#8211; zusammen mit 34 Kipploren im Beschicker des Tonwerks Schrankl in Kienberg.<\/p>\n\n\n\n<p>Im Jahre 2010 wurde das komplette Feldbahnmaterial des Tonwerks Schrankl verkauft. Die Gmeinder 18\/20 PS wurde von ihrem vorherigen Besitzer, einem Privatmann im Landkreis M\u00fchldorf erworben, und aufgearbeitet. Nach dessen Tod wurde sie 2013 der Feld- u. Waldbahn Riedlh\u00fctte als Dauerleihgabe \u00fcberlassen<\/p>\n\n\n\n<p class=\"has-medium-font-size\"><strong>Eigent\u00fcmer<\/strong><\/p>\n\n\n\n<p>Privatbesitz &#8211; Dauerleihgabe an die Feld- und Waldbahn Riedlh\u00fctte<\/p>\n\n\n\n<p class=\"has-medium-font-size\"><strong>Weitere Fotos<\/strong><\/p>\n\n\n<style>.wp-block-kadence-advancedgallery .kb-gallery-type-grid.kb-gallery-id-408_e5f0dc-bc{margin:-5px;}.kb-gallery-type-grid.kb-gallery-id-408_e5f0dc-bc .kadence-blocks-gallery-item{padding:5px;}.kb-gallery-id-408_e5f0dc-bc .kadence-blocks-gallery-item .kb-gal-image-radius, .kb-gallery-id-408_e5f0dc-bc .kb-slide-item .kb-gal-image-radius img{border-radius:0px 0px 0px 0px;;}.kb-gallery-caption-style-bottom.kb-gallery-id-408_e5f0dc-bc .kadence-blocks-gallery-item .kadence-blocks-gallery-item-inner .kadence-blocks-gallery-item__caption, .kb-gallery-caption-style-bottom-hover.kb-gallery-id-408_e5f0dc-bc .kadence-blocks-gallery-item .kadence-blocks-gallery-item-inner .kadence-blocks-gallery-item__caption{background:linear-gradient(0deg, rgba(0, 0, 0, 0.8) 0, rgba(0, 0, 0, 0) 100%);}<\/style><div class=\"kb-gallery-wrap-id-408_e5f0dc-bc alignnone wp-block-kadence-advancedgallery\"><ul class=\"kb-gallery-ul kb-gallery-non-static kb-gallery-type-grid kb-gallery-id-408_e5f0dc-bc kb-gallery-caption-style-bottom-hover kb-gallery-filter-none kb-gallery-magnific-init\" data-image-filter=\"none\" data-item-selector=\".kadence-blocks-gallery-item\" data-lightbox-caption=\"true\" data-columns-xxl=\"3\" data-columns-xl=\"3\" data-columns-md=\"3\" data-columns-sm=\"2\" data-columns-xs=\"1\" data-columns-ss=\"1\"><li class=\"kadence-blocks-gallery-item\"><div class=\"kadence-blocks-gallery-item-inner\"><figure class=\"kb-gallery-figure kb-gallery-item-has-link kadence-blocks-gallery-item-has-caption\"><a href=\"http:\/\/feldbahn-riedlhuette.de\/fwr\/wp-content\/uploads\/2023\/08\/gmeinder20_fundzustand_komprimiert.jpg\" data-description=\"Die Lok im Fundzustand in Kienberg\" class=\"kb-gallery-item-link\"   role=\"button\" aria-haspopup=\"dialog\"><div class=\"kb-gal-image-radius\"><div class=\"kb-gallery-image-contain kadence-blocks-gallery-intrinsic kb-gallery-image-ratio-land32 kb-has-image-ratio-land32\" ><img loading=\"lazy\" decoding=\"async\" src=\"http:\/\/feldbahn-riedlhuette.de\/fwr\/wp-content\/uploads\/2023\/08\/gmeinder20_fundzustand_komprimiert-1024x768.jpg\" width=\"1024\" height=\"768\" alt=\"\" data-full-image=\"http:\/\/feldbahn-riedlhuette.de\/fwr\/wp-content\/uploads\/2023\/08\/gmeinder20_fundzustand_komprimiert.jpg\" data-light-image=\"http:\/\/feldbahn-riedlhuette.de\/fwr\/wp-content\/uploads\/2023\/08\/gmeinder20_fundzustand_komprimiert.jpg\" data-id=\"690\" class=\"wp-image-690\" srcset=\"https:\/\/feldbahn-riedlhuette.de\/fwr\/wp-content\/uploads\/2023\/08\/gmeinder20_fundzustand_komprimiert-1024x768.jpg 1024w, https:\/\/feldbahn-riedlhuette.de\/fwr\/wp-content\/uploads\/2023\/08\/gmeinder20_fundzustand_komprimiert-300x225.jpg 300w, https:\/\/feldbahn-riedlhuette.de\/fwr\/wp-content\/uploads\/2023\/08\/gmeinder20_fundzustand_komprimiert-768x576.jpg 768w, https:\/\/feldbahn-riedlhuette.de\/fwr\/wp-content\/uploads\/2023\/08\/gmeinder20_fundzustand_komprimiert-1536x1152.jpg 1536w, https:\/\/feldbahn-riedlhuette.de\/fwr\/wp-content\/uploads\/2023\/08\/gmeinder20_fundzustand_komprimiert.jpg 2000w\" sizes=\"auto, (max-width: 1024px) 100vw, 1024px\" \/><\/div><div class=\"kadence-blocks-gallery-item__caption\">Die Lok im Fundzustand in Kienberg<\/div><\/div><\/a><\/figure><\/div><\/li><li class=\"kadence-blocks-gallery-item\"><div class=\"kadence-blocks-gallery-item-inner\"><figure class=\"kb-gallery-figure kb-gallery-item-has-link kadence-blocks-gallery-item-has-caption\"><a href=\"http:\/\/feldbahn-riedlhuette.de\/fwr\/wp-content\/uploads\/loks\/gmeinder20\/gmeinder20_anlieferung1_edited.jpg\" data-description=\"Abtransport der Gmeinder\" class=\"kb-gallery-item-link\"   role=\"button\" aria-haspopup=\"dialog\"><div class=\"kb-gal-image-radius\"><div class=\"kb-gallery-image-contain kadence-blocks-gallery-intrinsic kb-gallery-image-ratio-land32 kb-has-image-ratio-land32\" ><img loading=\"lazy\" decoding=\"async\" src=\"http:\/\/feldbahn-riedlhuette.de\/fwr\/wp-content\/uploads\/loks\/gmeinder20\/gmeinder20_anlieferung1_edited-1024x768.jpg\" width=\"1024\" height=\"768\" alt=\"\" data-full-image=\"http:\/\/feldbahn-riedlhuette.de\/fwr\/wp-content\/uploads\/loks\/gmeinder20\/gmeinder20_anlieferung1_edited.jpg\" data-light-image=\"http:\/\/feldbahn-riedlhuette.de\/fwr\/wp-content\/uploads\/loks\/gmeinder20\/gmeinder20_anlieferung1_edited.jpg\" data-id=\"411\" class=\"wp-image-411\" srcset=\"https:\/\/feldbahn-riedlhuette.de\/fwr\/wp-content\/uploads\/loks\/gmeinder20\/gmeinder20_anlieferung1_edited-1024x768.jpg 1024w, https:\/\/feldbahn-riedlhuette.de\/fwr\/wp-content\/uploads\/loks\/gmeinder20\/gmeinder20_anlieferung1_edited-300x225.jpg 300w, https:\/\/feldbahn-riedlhuette.de\/fwr\/wp-content\/uploads\/loks\/gmeinder20\/gmeinder20_anlieferung1_edited-768x576.jpg 768w, https:\/\/feldbahn-riedlhuette.de\/fwr\/wp-content\/uploads\/loks\/gmeinder20\/gmeinder20_anlieferung1_edited-1536x1152.jpg 1536w, https:\/\/feldbahn-riedlhuette.de\/fwr\/wp-content\/uploads\/loks\/gmeinder20\/gmeinder20_anlieferung1_edited.jpg 1600w\" sizes=\"auto, (max-width: 1024px) 100vw, 1024px\" \/><\/div><div class=\"kadence-blocks-gallery-item__caption\">Abtransport der Gmeinder<\/div><\/div><\/a><\/figure><\/div><\/li><li class=\"kadence-blocks-gallery-item\"><div class=\"kadence-blocks-gallery-item-inner\"><figure class=\"kb-gallery-figure kb-gallery-item-has-link kadence-blocks-gallery-item-has-caption\"><a href=\"http:\/\/feldbahn-riedlhuette.de\/fwr\/wp-content\/uploads\/loks\/gmeinder20\/gmeinder20_anlieferung3_edited.jpg\" data-description=\"In Riedlh\u00fctte wird die Lok abgeladen und auf die Gleise gesetzt\" class=\"kb-gallery-item-link\"   role=\"button\" aria-haspopup=\"dialog\"><div class=\"kb-gal-image-radius\"><div class=\"kb-gallery-image-contain kadence-blocks-gallery-intrinsic kb-gallery-image-ratio-land32 kb-has-image-ratio-land32\" ><img loading=\"lazy\" decoding=\"async\" src=\"http:\/\/feldbahn-riedlhuette.de\/fwr\/wp-content\/uploads\/loks\/gmeinder20\/gmeinder20_anlieferung3_edited-1024x577.jpg\" width=\"1024\" height=\"577\" alt=\"\" data-full-image=\"http:\/\/feldbahn-riedlhuette.de\/fwr\/wp-content\/uploads\/loks\/gmeinder20\/gmeinder20_anlieferung3_edited.jpg\" data-light-image=\"http:\/\/feldbahn-riedlhuette.de\/fwr\/wp-content\/uploads\/loks\/gmeinder20\/gmeinder20_anlieferung3_edited.jpg\" data-id=\"412\" class=\"wp-image-412\" srcset=\"https:\/\/feldbahn-riedlhuette.de\/fwr\/wp-content\/uploads\/loks\/gmeinder20\/gmeinder20_anlieferung3_edited-1024x577.jpg 1024w, https:\/\/feldbahn-riedlhuette.de\/fwr\/wp-content\/uploads\/loks\/gmeinder20\/gmeinder20_anlieferung3_edited-300x169.jpg 300w, https:\/\/feldbahn-riedlhuette.de\/fwr\/wp-content\/uploads\/loks\/gmeinder20\/gmeinder20_anlieferung3_edited-768x432.jpg 768w, https:\/\/feldbahn-riedlhuette.de\/fwr\/wp-content\/uploads\/loks\/gmeinder20\/gmeinder20_anlieferung3_edited-1536x865.jpg 1536w, https:\/\/feldbahn-riedlhuette.de\/fwr\/wp-content\/uploads\/loks\/gmeinder20\/gmeinder20_anlieferung3_edited.jpg 1600w\" sizes=\"auto, (max-width: 1024px) 100vw, 1024px\" \/><\/div><div class=\"kadence-blocks-gallery-item__caption\">In Riedlh\u00fctte wird die Lok abgeladen und auf die Gleise gesetzt<\/div><\/div><\/a><\/figure><\/div><\/li><li class=\"kadence-blocks-gallery-item\"><div class=\"kadence-blocks-gallery-item-inner\"><figure class=\"kb-gallery-figure kb-gallery-item-has-link kadence-blocks-gallery-item-has-caption\"><a href=\"http:\/\/feldbahn-riedlhuette.de\/fwr\/wp-content\/uploads\/loks\/gmeinder20\/gmeinder20_4_edited.jpg\" data-description=\"Vor einem Personenzug\" class=\"kb-gallery-item-link\"   role=\"button\" aria-haspopup=\"dialog\"><div class=\"kb-gal-image-radius\"><div class=\"kb-gallery-image-contain kadence-blocks-gallery-intrinsic kb-gallery-image-ratio-land32 kb-has-image-ratio-land32\" ><img loading=\"lazy\" decoding=\"async\" src=\"http:\/\/feldbahn-riedlhuette.de\/fwr\/wp-content\/uploads\/loks\/gmeinder20\/gmeinder20_4_edited-1024x768.jpg\" width=\"1024\" height=\"768\" alt=\"\" data-full-image=\"http:\/\/feldbahn-riedlhuette.de\/fwr\/wp-content\/uploads\/loks\/gmeinder20\/gmeinder20_4_edited.jpg\" data-light-image=\"http:\/\/feldbahn-riedlhuette.de\/fwr\/wp-content\/uploads\/loks\/gmeinder20\/gmeinder20_4_edited.jpg\" data-id=\"413\" class=\"wp-image-413\" srcset=\"https:\/\/feldbahn-riedlhuette.de\/fwr\/wp-content\/uploads\/loks\/gmeinder20\/gmeinder20_4_edited-1024x768.jpg 1024w, https:\/\/feldbahn-riedlhuette.de\/fwr\/wp-content\/uploads\/loks\/gmeinder20\/gmeinder20_4_edited-300x225.jpg 300w, https:\/\/feldbahn-riedlhuette.de\/fwr\/wp-content\/uploads\/loks\/gmeinder20\/gmeinder20_4_edited-768x576.jpg 768w, https:\/\/feldbahn-riedlhuette.de\/fwr\/wp-content\/uploads\/loks\/gmeinder20\/gmeinder20_4_edited-1536x1152.jpg 1536w, https:\/\/feldbahn-riedlhuette.de\/fwr\/wp-content\/uploads\/loks\/gmeinder20\/gmeinder20_4_edited.jpg 1600w\" sizes=\"auto, (max-width: 1024px) 100vw, 1024px\" \/><\/div><div class=\"kadence-blocks-gallery-item__caption\">Vor einem Personenzug<\/div><\/div><\/a><\/figure><\/div><\/li><li class=\"kadence-blocks-gallery-item\"><div class=\"kadence-blocks-gallery-item-inner\"><figure class=\"kb-gallery-figure kb-gallery-item-has-link kadence-blocks-gallery-item-has-caption\"><a href=\"http:\/\/feldbahn-riedlhuette.de\/fwr\/wp-content\/uploads\/2023\/09\/DSC06878_komprimiert.jpg\" data-description=\"Die Lok beim Umkuppeln\" class=\"kb-gallery-item-link\"   role=\"button\" aria-haspopup=\"dialog\"><div class=\"kb-gal-image-radius\"><div class=\"kb-gallery-image-contain kadence-blocks-gallery-intrinsic kb-gallery-image-ratio-land32 kb-has-image-ratio-land32\" ><img loading=\"lazy\" decoding=\"async\" src=\"http:\/\/feldbahn-riedlhuette.de\/fwr\/wp-content\/uploads\/2023\/09\/DSC06878_komprimiert-1024x680.jpg\" width=\"800\" height=\"531\" alt=\"\" data-full-image=\"http:\/\/feldbahn-riedlhuette.de\/fwr\/wp-content\/uploads\/2023\/09\/DSC06878_komprimiert.jpg\" data-light-image=\"http:\/\/feldbahn-riedlhuette.de\/fwr\/wp-content\/uploads\/2023\/09\/DSC06878_komprimiert.jpg\" data-id=\"709\" class=\"wp-image-709\" srcset=\"https:\/\/feldbahn-riedlhuette.de\/fwr\/wp-content\/uploads\/2023\/09\/DSC06878_komprimiert-1024x680.jpg 1024w, https:\/\/feldbahn-riedlhuette.de\/fwr\/wp-content\/uploads\/2023\/09\/DSC06878_komprimiert-300x199.jpg 300w, https:\/\/feldbahn-riedlhuette.de\/fwr\/wp-content\/uploads\/2023\/09\/DSC06878_komprimiert-768x510.jpg 768w, https:\/\/feldbahn-riedlhuette.de\/fwr\/wp-content\/uploads\/2023\/09\/DSC06878_komprimiert-1536x1021.jpg 1536w, https:\/\/feldbahn-riedlhuette.de\/fwr\/wp-content\/uploads\/2023\/09\/DSC06878_komprimiert.jpg 2000w\" sizes=\"auto, (max-width: 800px) 100vw, 800px\" \/><\/div><div class=\"kadence-blocks-gallery-item__caption\">Die Lok beim Umkuppeln<\/div><\/div><\/a><\/figure><\/div><\/li><li class=\"kadence-blocks-gallery-item\"><div class=\"kadence-blocks-gallery-item-inner\"><figure class=\"kb-gallery-figure kb-gallery-item-has-link kadence-blocks-gallery-item-has-caption\"><a href=\"http:\/\/feldbahn-riedlhuette.de\/fwr\/wp-content\/uploads\/2023\/09\/DSC06818_komprimiert.jpg\" data-description=\"G\u00fcterzug mit Gmeinder 18\/20 PS\" class=\"kb-gallery-item-link\"   role=\"button\" aria-haspopup=\"dialog\"><div class=\"kb-gal-image-radius\"><div class=\"kb-gallery-image-contain kadence-blocks-gallery-intrinsic kb-gallery-image-ratio-land32 kb-has-image-ratio-land32\" ><img loading=\"lazy\" decoding=\"async\" src=\"http:\/\/feldbahn-riedlhuette.de\/fwr\/wp-content\/uploads\/2023\/09\/DSC06818_komprimiert-1024x680.jpg\" width=\"800\" height=\"531\" alt=\"\" data-full-image=\"http:\/\/feldbahn-riedlhuette.de\/fwr\/wp-content\/uploads\/2023\/09\/DSC06818_komprimiert.jpg\" data-light-image=\"http:\/\/feldbahn-riedlhuette.de\/fwr\/wp-content\/uploads\/2023\/09\/DSC06818_komprimiert.jpg\" data-id=\"711\" class=\"wp-image-711\" srcset=\"https:\/\/feldbahn-riedlhuette.de\/fwr\/wp-content\/uploads\/2023\/09\/DSC06818_komprimiert-1024x680.jpg 1024w, https:\/\/feldbahn-riedlhuette.de\/fwr\/wp-content\/uploads\/2023\/09\/DSC06818_komprimiert-300x199.jpg 300w, https:\/\/feldbahn-riedlhuette.de\/fwr\/wp-content\/uploads\/2023\/09\/DSC06818_komprimiert-768x510.jpg 768w, https:\/\/feldbahn-riedlhuette.de\/fwr\/wp-content\/uploads\/2023\/09\/DSC06818_komprimiert-1536x1021.jpg 1536w, https:\/\/feldbahn-riedlhuette.de\/fwr\/wp-content\/uploads\/2023\/09\/DSC06818_komprimiert.jpg 2000w\" sizes=\"auto, (max-width: 800px) 100vw, 800px\" \/><\/div><div class=\"kadence-blocks-gallery-item__caption\">G\u00fcterzug mit Gmeinder 18\/20 PS<\/div><\/div><\/a><\/figure><\/div><\/li><\/ul><\/div>\n\n\n<p><\/p>\n\n\n\n<figure class=\"wp-block-embed is-type-video is-provider-youtube wp-block-embed-youtube wp-embed-aspect-16-9 wp-has-aspect-ratio\"><div class=\"wp-block-embed__wrapper\">\n<iframe loading=\"lazy\" title=\"Gmeinder 18\/20 PS der Feldbahn Riedlh\u00fctte am 29.07.2023\" width=\"800\" height=\"450\" src=\"https:\/\/www.youtube.com\/embed\/H6mMvAFlszA?feature=oembed\" frameborder=\"0\" allow=\"accelerometer; autoplay; clipboard-write; encrypted-media; gyroscope; picture-in-picture; web-share\" allowfullscreen><\/iframe>\n<\/div><\/figure>\n","protected":false},"excerpt":{"rendered":"<p>Lok Nr. 9 ist betriebsbereit. Technische Daten Geschichte Als Sonderkonstruktion 1950 an das ehemalige Tonwerk Schrankl in Kienberg\/\u00d6d, geliefert. Seit<\/p>\n","protected":false},"author":1,"featured_media":0,"parent":0,"menu_order":0,"comment_status":"closed","ping_status":"closed","template":"","meta":{"cybocfi_hide_featured_image":"","footnotes":""},"class_list":["post-408","page","type-page","status-publish","hentry"],"_links":{"self":[{"href":"https:\/\/feldbahn-riedlhuette.de\/fwr\/wp-json\/wp\/v2\/pages\/408","targetHints":{"allow":["GET"]}}],"collection":[{"href":"https:\/\/feldbahn-riedlhuette.de\/fwr\/wp-json\/wp\/v2\/pages"}],"about":[{"href":"https:\/\/feldbahn-riedlhuette.de\/fwr\/wp-json\/wp\/v2\/types\/page"}],"author":[{"embeddable":true,"href":"https:\/\/feldbahn-riedlhuette.de\/fwr\/wp-json\/wp\/v2\/users\/1"}],"replies":[{"embeddable":true,"href":"https:\/\/feldbahn-riedlhuette.de\/fwr\/wp-json\/wp\/v2\/comments?post=408"}],"version-history":[{"count":12,"href":"https:\/\/feldbahn-riedlhuette.de\/fwr\/wp-json\/wp\/v2\/pages\/408\/revisions"}],"predecessor-version":[{"id":766,"href":"https:\/\/feldbahn-riedlhuette.de\/fwr\/wp-json\/wp\/v2\/pages\/408\/revisions\/766"}],"wp:attachment":[{"href":"https:\/\/feldbahn-riedlhuette.de\/fwr\/wp-json\/wp\/v2\/media?parent=408"}],"curies":[{"name":"wp","href":"https:\/\/api.w.org\/{rel}","templated":true}]}}